{"id":234893,"date":"2024-12-11T13:02:19","date_gmt":"2024-12-11T13:02:19","guid":{"rendered":"https:\/\/abela.shop\/rs\/\u043f\u0440\u043e\u0438\u0437\u0432\u043e\u0434\/bivits-summer-vibes-paket\/"},"modified":"2026-04-30T17:00:34","modified_gmt":"2026-04-30T16:00:34","slug":"bivits-activa-summer-vibes-paket","status":"publish","type":"product","link":"https:\/\/abela.shop\/rs\/proizvod\/bivits-activa-summer-vibes-paket\/","title":{"rendered":"BiVits\u00ae ACTIVA Summer Vibes paket"},"content":{"rendered":"\t\t<div data-elementor-type=\"product-post\" data-elementor-id=\"234893\" class=\"elementor elementor-234893\" data-elementor-post-type=\"product\">\n\t\t\t\t<div class=\"wd-negative-gap elementor-element elementor-element-6d2ab81 e-flex e-con-boxed e-con e-parent\" data-id=\"6d2ab81\" data-element_type=\"container\" data-e-type=\"container\">\n\t\t\t\t\t<div class=\"e-con-inner\">\n\t\t<div class=\"elementor-element elementor-element-1d6ef97 e-con-full e-flex e-con e-child\" data-id=\"1d6ef97\" data-element_type=\"container\" data-e-type=\"container\">\n\t\t\t\t<\/div>\n\t\t<div class=\"elementor-element elementor-element-a9af29b e-con-full e-flex e-con e-child\" data-id=\"a9af29b\" data-element_type=\"container\" data-e-type=\"container\">\n\t\t\t\t<div class=\"elementor-element elementor-element-2a27a93 color-scheme-inherit text-left elementor-widget elementor-widget-text-editor\" data-id=\"2a27a93\" data-element_type=\"widget\" data-e-type=\"widget\" data-widget_type=\"text-editor.default\">\n\t\t\t\t<div class=\"elementor-widget-container\">\n\t\t\t\t\t\t\t\t\t<p><strong>BiVits<sup>\u00ae <\/sup>ACTIVA Summer Vibes paket<\/strong> je dobitna kombinacija za leto koja podr\u017eava svaku tvoju letnju pri\u010du, i omogu\u0107ava ti da: pocrni\u0161 zdravije i da ti boja du\u017ee traje, \u0161titi ko\u017eu od \u0161tetnih UV zraka, ja\u010da tvoj imuni sistem, obezbe\u0111uje vi\u0161e energije za sve dnevne aktivnosti, a istovremeno ti poma\u017ee u re\u0161avanju problema sa spavanjem i poma\u017ee tvom organizmu da se adekvatno opusti.<\/p>\t\t\t\t\t\t\t\t<\/div>\n\t\t\t\t<\/div>\n\t\t\t\t<\/div>\n\t\t<div class=\"elementor-element elementor-element-0aca171 e-con-full e-flex e-con e-child\" data-id=\"0aca171\" data-element_type=\"container\" data-e-type=\"container\">\n\t\t\t\t<\/div>\n\t\t\t\t\t<\/div>\n\t\t\t\t<\/div>\n\t\t<div class=\"wd-negative-gap elementor-element elementor-element-86d0d33 e-flex e-con-boxed e-con e-parent\" data-id=\"86d0d33\" data-element_type=\"container\" data-e-type=\"container\">\n\t\t\t\t\t<div class=\"e-con-inner\">\n\t\t<div class=\"elementor-element elementor-element-178f2cc e-con-full e-flex e-con e-child\" data-id=\"178f2cc\" data-element_type=\"container\" data-e-type=\"container\">\n\t\t\t\t<div class=\"elementor-element elementor-element-478293a elementor-widget elementor-widget-image\" data-id=\"478293a\" data-element_type=\"widget\" data-e-type=\"widget\" data-widget_type=\"image.default\">\n\t\t\t\t<div class=\"elementor-widget-container\">\n\t\t\t\t\t\t\t\t\t\t\t\t\t\t\t<img decoding=\"async\" width=\"800\" height=\"800\" src=\"https:\/\/abela.shop\/rs\/wp-content\/uploads\/2024\/12\/BiVits-beta-carotern-800x800.jpg\" class=\"attachment-large size-large wp-image-234951\" alt=\"BiVits\u00ae ACTIVA Beta Carotene, 60 tableta\" srcset=\"https:\/\/abela.shop\/rs\/wp-content\/uploads\/2024\/12\/BiVits-beta-carotern-800x800.jpg 800w, https:\/\/abela.shop\/rs\/wp-content\/uploads\/2024\/12\/BiVits-beta-carotern-430x430.jpg 430w, https:\/\/abela.shop\/rs\/wp-content\/uploads\/2024\/12\/BiVits-beta-carotern-150x150.jpg 150w, https:\/\/abela.shop\/rs\/wp-content\/uploads\/2024\/12\/BiVits-beta-carotern-700x700.jpg 700w, https:\/\/abela.shop\/rs\/wp-content\/uploads\/2024\/12\/BiVits-beta-carotern-300x300.jpg 300w, https:\/\/abela.shop\/rs\/wp-content\/uploads\/2024\/12\/BiVits-beta-carotern-768x768.jpg 768w, https:\/\/abela.shop\/rs\/wp-content\/uploads\/2024\/12\/BiVits-beta-carotern-80x80.jpg 80w, https:\/\/abela.shop\/rs\/wp-content\/uploads\/2024\/12\/BiVits-beta-carotern-90x90.jpg 90w, https:\/\/abela.shop\/rs\/wp-content\/uploads\/2024\/12\/BiVits-beta-carotern.jpg 1000w\" sizes=\"(max-width: 800px) 100vw, 800px\" title=\"\">\t\t\t\t\t\t\t\t\t\t\t\t\t\t\t<\/div>\n\t\t\t\t<\/div>\n\t\t\t\t<div class=\"elementor-element elementor-element-e4d4f76 color-scheme-inherit text-left elementor-widget elementor-widget-text-editor\" data-id=\"e4d4f76\" data-element_type=\"widget\" data-e-type=\"widget\" data-widget_type=\"text-editor.default\">\n\t\t\t\t<div class=\"elementor-widget-container\">\n\t\t\t\t\t\t\t\t\t<p><strong>BiVits<sup>\u00ae <\/sup>ACTIVA Beta-Carotene<\/strong> je formula koja u jednoj tableti obezbe\u0111uje 6mg beta-karotena, prekursora (provitamin) vitamina A, neophodnog za odr\u017eavanje normalnog \u010dula vida, za\u0161titu i zdravlje ko\u017ee i sluzoko\u017ee i imunolo\u0161ku funkciju.<\/p>\t\t\t\t\t\t\t\t<\/div>\n\t\t\t\t<\/div>\n\t\t\t\t<\/div>\n\t\t<div class=\"elementor-element elementor-element-cb667ad e-con-full e-flex e-con e-child\" data-id=\"cb667ad\" data-element_type=\"container\" data-e-type=\"container\">\n\t\t\t\t<div class=\"elementor-element elementor-element-2f592e0 elementor-widget elementor-widget-image\" data-id=\"2f592e0\" data-element_type=\"widget\" data-e-type=\"widget\" data-widget_type=\"image.default\">\n\t\t\t\t<div class=\"elementor-widget-container\">\n\t\t\t\t\t\t\t\t\t\t\t\t\t\t\t<img decoding=\"async\" width=\"800\" height=\"800\" src=\"https:\/\/abela.shop\/rs\/wp-content\/uploads\/2024\/12\/BiVits-Melatonin-800x800.jpg\" class=\"attachment-large size-large wp-image-234966\" alt=\"BiVits\u00ae ACTIVA Melatonin, 60 tableta\" srcset=\"https:\/\/abela.shop\/rs\/wp-content\/uploads\/2024\/12\/BiVits-Melatonin-800x800.jpg 800w, https:\/\/abela.shop\/rs\/wp-content\/uploads\/2024\/12\/BiVits-Melatonin-430x430.jpg 430w, https:\/\/abela.shop\/rs\/wp-content\/uploads\/2024\/12\/BiVits-Melatonin-150x150.jpg 150w, https:\/\/abela.shop\/rs\/wp-content\/uploads\/2024\/12\/BiVits-Melatonin-700x700.jpg 700w, https:\/\/abela.shop\/rs\/wp-content\/uploads\/2024\/12\/BiVits-Melatonin-300x300.jpg 300w, https:\/\/abela.shop\/rs\/wp-content\/uploads\/2024\/12\/BiVits-Melatonin-768x768.jpg 768w, https:\/\/abela.shop\/rs\/wp-content\/uploads\/2024\/12\/BiVits-Melatonin-80x80.jpg 80w, https:\/\/abela.shop\/rs\/wp-content\/uploads\/2024\/12\/BiVits-Melatonin-90x90.jpg 90w, https:\/\/abela.shop\/rs\/wp-content\/uploads\/2024\/12\/BiVits-Melatonin.jpg 1000w\" sizes=\"(max-width: 800px) 100vw, 800px\" title=\"\">\t\t\t\t\t\t\t\t\t\t\t\t\t\t\t<\/div>\n\t\t\t\t<\/div>\n\t\t\t\t<div class=\"elementor-element elementor-element-043e593 color-scheme-inherit text-left elementor-widget elementor-widget-text-editor\" data-id=\"043e593\" data-element_type=\"widget\" data-e-type=\"widget\" data-widget_type=\"text-editor.default\">\n\t\t\t\t<div class=\"elementor-widget-container\">\n\t\t\t\t\t\t\t\t\t<p><strong>BiVits<sup>\u00ae <\/sup>ACTIVA Melatonin<\/strong> je formula koja poma\u017ee u re\u0161avanju problema sa spavanjem. Melatonin olak\u0161ava uspavljivanje, pobolj\u0161ava kvalitet sna i uti\u010de na odr\u017eavanje kontinuiteta sna.<\/p>\t\t\t\t\t\t\t\t<\/div>\n\t\t\t\t<\/div>\n\t\t\t\t<\/div>\n\t\t<div class=\"elementor-element elementor-element-94ce451 e-con-full e-flex e-con e-child\" data-id=\"94ce451\" data-element_type=\"container\" data-e-type=\"container\">\n\t\t\t\t<div class=\"elementor-element elementor-element-a35b260 elementor-widget elementor-widget-image\" data-id=\"a35b260\" data-element_type=\"widget\" data-e-type=\"widget\" data-widget_type=\"image.default\">\n\t\t\t\t<div class=\"elementor-widget-container\">\n\t\t\t\t\t\t\t\t\t\t\t\t\t\t\t<img decoding=\"async\" width=\"800\" height=\"800\" src=\"https:\/\/abela.shop\/rs\/wp-content\/uploads\/2024\/12\/BiVits-vit-c-500-cink-800x800.jpg\" class=\"attachment-large size-large wp-image-234972\" alt=\"BiVits\u00ae ACTIVA Vitamin C 500 Cink, 60 tableta\" srcset=\"https:\/\/abela.shop\/rs\/wp-content\/uploads\/2024\/12\/BiVits-vit-c-500-cink-800x800.jpg 800w, https:\/\/abela.shop\/rs\/wp-content\/uploads\/2024\/12\/BiVits-vit-c-500-cink-430x430.jpg 430w, https:\/\/abela.shop\/rs\/wp-content\/uploads\/2024\/12\/BiVits-vit-c-500-cink-150x150.jpg 150w, https:\/\/abela.shop\/rs\/wp-content\/uploads\/2024\/12\/BiVits-vit-c-500-cink-700x700.jpg 700w, https:\/\/abela.shop\/rs\/wp-content\/uploads\/2024\/12\/BiVits-vit-c-500-cink-300x300.jpg 300w, https:\/\/abela.shop\/rs\/wp-content\/uploads\/2024\/12\/BiVits-vit-c-500-cink-768x768.jpg 768w, https:\/\/abela.shop\/rs\/wp-content\/uploads\/2024\/12\/BiVits-vit-c-500-cink-90x90.jpg 90w, https:\/\/abela.shop\/rs\/wp-content\/uploads\/2024\/12\/BiVits-vit-c-500-cink.jpg 1000w\" sizes=\"(max-width: 800px) 100vw, 800px\" title=\"\">\t\t\t\t\t\t\t\t\t\t\t\t\t\t\t<\/div>\n\t\t\t\t<\/div>\n\t\t\t\t<div class=\"elementor-element elementor-element-326bc9a color-scheme-inherit text-left elementor-widget elementor-widget-text-editor\" data-id=\"326bc9a\" data-element_type=\"widget\" data-e-type=\"widget\" data-widget_type=\"text-editor.default\">\n\t\t\t\t<div class=\"elementor-widget-container\">\n\t\t\t\t\t\t\t\t\t<p><strong>BiVits<sup>\u00ae <\/sup>ACTIVA Vitamin C 500 i Cink<\/strong> je posebna formulacija cinka i vitamina C namenjena da podr\u017ei i oja\u010da funkciju imunog sistema. BiVits<sup>\u00ae<\/sup>ACTIVA vitamin C 500 Cink sadr\u017ei 500 mg vitamina C i 10mg organskog cink-citrata koji obezbedjuje bolju iskoristljivost u organizmu.<\/p>\t\t\t\t\t\t\t\t<\/div>\n\t\t\t\t<\/div>\n\t\t\t\t<\/div>\n\t\t\t\t\t<\/div>\n\t\t\t\t<\/div>\n\t\t<div class=\"wd-negative-gap elementor-element elementor-element-655662ce e-flex e-con-boxed e-con e-parent\" data-id=\"655662ce\" data-element_type=\"container\" data-e-type=\"container\">\n\t\t\t\t\t<div class=\"e-con-inner\">\n\t\t\t\t<div class=\"elementor-element elementor-element-7d43b87e color-scheme-inherit text-left elementor-widget elementor-widget-text-editor\" data-id=\"7d43b87e\" data-element_type=\"widget\" data-e-type=\"widget\" data-widget_type=\"text-editor.default\">\n\t\t\t\t<div class=\"elementor-widget-container\">\n\t\t\t\t\t\t\t\t\t<h2>Sastav paketa:<\/h2><p>BiVits<sup>\u00ae <\/sup>ACTIVA Melatonin, BiVits<sup>\u00ae <\/sup>ACTIVA Beta Carotene i BiVits<sup>\u00ae <\/sup>ACTIVA Vitamin C 500 Cink.<\/p><h2>Na\u010din upotrebe:<\/h2><p>Ujutru popiti po jednu tabletu: BiVits<sup>\u00ae <\/sup>ACTIVA Vitamin C 500 Cinka i BiVits<sup>\u00ae <\/sup>ACTIVA Beta Carotena, a uve\u010de (pola sata pred spavanje) jednu tabletu BiVits<sup>\u00ae <\/sup>ACTIVA Melatonina.<\/p>\t\t\t\t\t\t\t\t<\/div>\n\t\t\t\t<\/div>\n\t\t\t\t\t<\/div>\n\t\t\t\t<\/div>\n\t\t\t\t<\/div>\n\t\t","protected":false},"excerpt":{"rendered":"<p><strong>BiVits\u00ae ACTIVA Summer Vibes paket<\/strong> je za tebe ako:<\/p>\n<p>\u2705 Voli\u0161 aktivan odmor ili da se sun\u010da\u0161 na pla\u017ei ceo dan<br \/>\n\u2705 Ho\u0107e\u0161 da dodatno za\u0161titi\u0161 ko\u017eu od sunca<br \/>\n\u2705 Da lep\u0161e pocrni\u0161 i du\u017ee zadr\u017ei\u0161 preplanuli ten<br \/>\n\u2705 Ne spava\u0161 dovoljno<br \/>\n\u2705 Menja\u0161 dan za no\u0107<br \/>\n\u2705 Stalno si na suncu i u pokretu<br \/>\n\u2705 Treba ti vi\u0161e energije za letnje aktivnosti<\/p>\n<p>Idealno trio re\u0161enje:<\/p>\n<ul>\n<li>BiVits<sup>\u00ae <\/sup>ACTIVA Melatonin<\/li>\n<li>BiVits<sup>\u00ae <\/sup>ACTIVA Beta Carotene<\/li>\n<li>BiVits<sup>\u00ae <\/sup>ACTIVA Vitamin C 500 Cink<\/li>\n<\/ul>\n<p>Za sve mogu\u0107e letnje scenarije: ako ste za sun\u010danje na pla\u017ei ili aktivan odmor, \u017eelite bolje da pocrnite i imate energije za sve \u0161to vam tokom leta padne na pamet!<\/p>\n","protected":false},"featured_media":237516,"comment_status":"open","ping_status":"closed","template":"","meta":{"_acf_changed":false},"product_brand":[],"product_cat":[133,147,125,101,88],"product_tag":[],"class_list":{"0":"post-234893","1":"product","2":"type-product","3":"status-publish","4":"has-post-thumbnail","6":"product_cat-akcije","7":"product_cat-istaknuto","8":"product_cat-lepota","9":"product_cat-paketi","10":"product_cat-vitamini-i-minerali","12":"first","13":"instock","14":"sale","15":"shipping-taxable","16":"purchasable","17":"product-type-simple"},"acf":[],"jetpack_sharing_enabled":true,"_links":{"self":[{"href":"https:\/\/abela.shop\/rs\/wp-json\/wp\/v2\/product\/234893","targetHints":{"allow":["GET"]}}],"collection":[{"href":"https:\/\/abela.shop\/rs\/wp-json\/wp\/v2\/product"}],"about":[{"href":"https:\/\/abela.shop\/rs\/wp-json\/wp\/v2\/types\/product"}],"replies":[{"embeddable":true,"href":"https:\/\/abela.shop\/rs\/wp-json\/wp\/v2\/comments?post=234893"}],"version-history":[{"count":0,"href":"https:\/\/abela.shop\/rs\/wp-json\/wp\/v2\/product\/234893\/revisions"}],"wp:featuredmedia":[{"embeddable":true,"href":"https:\/\/abela.shop\/rs\/wp-json\/wp\/v2\/media\/237516"}],"wp:attachment":[{"href":"https:\/\/abela.shop\/rs\/wp-json\/wp\/v2\/media?parent=234893"}],"wp:term":[{"taxonomy":"product_brand","embeddable":true,"href":"https:\/\/abela.shop\/rs\/wp-json\/wp\/v2\/product_brand?post=234893"},{"taxonomy":"product_cat","embeddable":true,"href":"https:\/\/abela.shop\/rs\/wp-json\/wp\/v2\/product_cat?post=234893"},{"taxonomy":"product_tag","embeddable":true,"href":"https:\/\/abela.shop\/rs\/wp-json\/wp\/v2\/product_tag?post=234893"}],"curies":[{"name":"wp","href":"https:\/\/api.w.org\/{rel}","templated":true}]}}