{"id":237263,"date":"2025-03-20T10:44:34","date_gmt":"2025-03-20T10:44:34","guid":{"rendered":"https:\/\/abela.shop\/rs\/?post_type=product&#038;p=237263"},"modified":"2025-12-12T14:39:11","modified_gmt":"2025-12-12T13:39:11","slug":"nepobedivi-heroj-paket","status":"publish","type":"product","link":"https:\/\/abela.shop\/rs\/proizvod\/nepobedivi-heroj-paket\/","title":{"rendered":"Nepobedivi heroj paket"},"content":{"rendered":"\t\t<div data-elementor-type=\"product-post\" data-elementor-id=\"237263\" class=\"elementor elementor-237263\" data-elementor-post-type=\"product\">\n\t\t\t\t<div class=\"wd-negative-gap elementor-element elementor-element-3830d49 e-flex e-con-boxed e-con e-parent\" data-id=\"3830d49\" data-element_type=\"container\" data-e-type=\"container\">\n\t\t\t\t\t<div class=\"e-con-inner\">\n\t\t\t\t<div class=\"elementor-element elementor-element-52ebdd9 elementor-widget elementor-widget-heading\" data-id=\"52ebdd9\" data-element_type=\"widget\" data-e-type=\"widget\" data-widget_type=\"heading.default\">\n\t\t\t\t<div class=\"elementor-widget-container\">\n\t\t\t\t\t<h2 class=\"elementor-heading-title elementor-size-default\">Re\u0161enje za grip i prehladu za celu porodicu na jednom mestu!<\/h2>\t\t\t\t<\/div>\n\t\t\t\t<\/div>\n\t\t\t\t<div class=\"elementor-element elementor-element-03eee80 color-scheme-inherit text-left elementor-widget elementor-widget-text-editor\" data-id=\"03eee80\" data-element_type=\"widget\" data-e-type=\"widget\" data-widget_type=\"text-editor.default\">\n\t\t\t\t<div class=\"elementor-widget-container\">\n\t\t\t\t\t\t\t\t\tSnagom propolisa bogatog polifenolima i prirodnog N-acetilcisteina otklanja simptome gripa i prehlade, \u010disti disajne puteve, re\u0161ava bol u grlu i promuklost, smiruje ka\u0161alj, pospe\u0161uje izbacivanje sekreta iz disajnih puteva i ja\u010da imunitet celog organizma!\t\t\t\t\t\t\t\t<\/div>\n\t\t\t\t<\/div>\n\t\t\t\t\t<\/div>\n\t\t\t\t<\/div>\n\t\t<div class=\"wd-negative-gap elementor-element elementor-element-8023f65 e-flex e-con-boxed e-con e-parent\" data-id=\"8023f65\" data-element_type=\"container\" data-e-type=\"container\">\n\t\t\t\t\t<div class=\"e-con-inner\">\n\t\t<div class=\"elementor-element elementor-element-c48c517 e-con-full e-flex e-con e-child\" data-id=\"c48c517\" data-element_type=\"container\" data-e-type=\"container\">\n\t\t\t\t<div class=\"elementor-element elementor-element-82cd993 elementor-widget elementor-widget-image\" data-id=\"82cd993\" data-element_type=\"widget\" data-e-type=\"widget\" data-widget_type=\"image.default\">\n\t\t\t\t<div class=\"elementor-widget-container\">\n\t\t\t\t\t\t\t\t\t\t\t\t\t\t\t<img decoding=\"async\" width=\"800\" height=\"800\" src=\"https:\/\/abela.shop\/rs\/wp-content\/uploads\/2024\/11\/Propomucil-za-decu-800x800.jpg\" class=\"attachment-large size-large wp-image-234716\" alt=\"PropoMucil\u00ae za DECU, 120 ml\" srcset=\"https:\/\/abela.shop\/rs\/wp-content\/uploads\/2024\/11\/Propomucil-za-decu-800x800.jpg 800w, https:\/\/abela.shop\/rs\/wp-content\/uploads\/2024\/11\/Propomucil-za-decu-430x430.jpg 430w, https:\/\/abela.shop\/rs\/wp-content\/uploads\/2024\/11\/Propomucil-za-decu-150x150.jpg 150w, https:\/\/abela.shop\/rs\/wp-content\/uploads\/2024\/11\/Propomucil-za-decu-700x700.jpg 700w, https:\/\/abela.shop\/rs\/wp-content\/uploads\/2024\/11\/Propomucil-za-decu-300x300.jpg 300w, https:\/\/abela.shop\/rs\/wp-content\/uploads\/2024\/11\/Propomucil-za-decu-768x768.jpg 768w, https:\/\/abela.shop\/rs\/wp-content\/uploads\/2024\/11\/Propomucil-za-decu-90x90.jpg 90w, https:\/\/abela.shop\/rs\/wp-content\/uploads\/2024\/11\/Propomucil-za-decu.jpg 1000w\" sizes=\"(max-width: 800px) 100vw, 800px\" title=\"\">\t\t\t\t\t\t\t\t\t\t\t\t\t\t\t<\/div>\n\t\t\t\t<\/div>\n\t\t\t\t<div class=\"elementor-element elementor-element-aef7a42 color-scheme-inherit text-left elementor-widget elementor-widget-text-editor\" data-id=\"aef7a42\" data-element_type=\"widget\" data-e-type=\"widget\" data-widget_type=\"text-editor.default\">\n\t\t\t\t<div class=\"elementor-widget-container\">\n\t\t\t\t\t\t\t\t\t<p><strong>PropoMucil<sup>\u00ae<\/sup> sa medom za decu:<\/strong><br \/>Sadr\u017ei propolis bogat polifenolima sa prirodnim N-acetilcisteinom i uz dodatak meda, ekstrakta belog sleza i \u0161ipurka poma\u017ee u izbacivanju sekreta iz disajnih puteva, a dodatno ja\u010da imunitet dece!\u00a0<\/p><p><strong>Upotreba:<\/strong> Deca od 3. do 12. godine \u017eivota 2-3 x po 12 ml rastvora za oralnu upotrebu dnevno, nakon obroka. Pre upotrebe promu\u0107kati! Sa ukusom pomorand\u017ee.<\/p>\t\t\t\t\t\t\t\t<\/div>\n\t\t\t\t<\/div>\n\t\t\t\t<\/div>\n\t\t<div class=\"elementor-element elementor-element-791df87 e-con-full e-flex e-con e-child\" data-id=\"791df87\" data-element_type=\"container\" data-e-type=\"container\">\n\t\t\t\t<div class=\"elementor-element elementor-element-409a722 elementor-widget elementor-widget-image\" data-id=\"409a722\" data-element_type=\"widget\" data-e-type=\"widget\" data-widget_type=\"image.default\">\n\t\t\t\t<div class=\"elementor-widget-container\">\n\t\t\t\t\t\t\t\t\t\t\t\t\t\t\t<img decoding=\"async\" width=\"800\" height=\"800\" src=\"https:\/\/abela.shop\/rs\/wp-content\/uploads\/2024\/11\/PropoMucil-PretPrehlada-800x800.jpg\" class=\"attachment-large size-large wp-image-234700\" alt=\"PropoMucil\u00ae Pretprehlada, 5 kesica\" srcset=\"https:\/\/abela.shop\/rs\/wp-content\/uploads\/2024\/11\/PropoMucil-PretPrehlada-800x800.jpg 800w, https:\/\/abela.shop\/rs\/wp-content\/uploads\/2024\/11\/PropoMucil-PretPrehlada-430x430.jpg 430w, https:\/\/abela.shop\/rs\/wp-content\/uploads\/2024\/11\/PropoMucil-PretPrehlada-150x150.jpg 150w, https:\/\/abela.shop\/rs\/wp-content\/uploads\/2024\/11\/PropoMucil-PretPrehlada-700x700.jpg 700w, https:\/\/abela.shop\/rs\/wp-content\/uploads\/2024\/11\/PropoMucil-PretPrehlada-300x300.jpg 300w, https:\/\/abela.shop\/rs\/wp-content\/uploads\/2024\/11\/PropoMucil-PretPrehlada-768x768.jpg 768w, https:\/\/abela.shop\/rs\/wp-content\/uploads\/2024\/11\/PropoMucil-PretPrehlada-90x90.jpg 90w, https:\/\/abela.shop\/rs\/wp-content\/uploads\/2024\/11\/PropoMucil-PretPrehlada.jpg 1000w\" sizes=\"(max-width: 800px) 100vw, 800px\" title=\"\">\t\t\t\t\t\t\t\t\t\t\t\t\t\t\t<\/div>\n\t\t\t\t<\/div>\n\t\t\t\t<div class=\"elementor-element elementor-element-94b4bce color-scheme-inherit text-left elementor-widget elementor-widget-text-editor\" data-id=\"94b4bce\" data-element_type=\"widget\" data-e-type=\"widget\" data-widget_type=\"text-editor.default\">\n\t\t\t\t<div class=\"elementor-widget-container\">\n\t\t\t\t\t\t\t\t\t<p><strong>Propomucil<sup>\u00ae <\/sup><\/strong><strong>Pretprehlada:<\/strong> Spre\u010dava prehladu ve\u0107 kod prvih simptoma! Kombinacija propolisa bogatog polifenolima, prirodnog N-acetilcisteina, \u0111umbira, prirodnog vitamina C, organskog meda i cinka poma\u017ee da se prehlada spre\u010di u za\u010detku- uzmite na prve znake prehlade!\u00a0<\/p><p><strong>Upotreba:<\/strong> 1 kesica dva puta dnevno, sadr\u017eaj\u00a0 rastvoriti u \u010da\u0161i tople vode i odmah popiti. Ne preporu\u010duje se primena kod trudnica i dojilja.<\/p>\t\t\t\t\t\t\t\t<\/div>\n\t\t\t\t<\/div>\n\t\t\t\t<\/div>\n\t\t<div class=\"elementor-element elementor-element-2e15548 e-con-full e-flex e-con e-child\" data-id=\"2e15548\" data-element_type=\"container\" data-e-type=\"container\">\n\t\t\t\t<div class=\"elementor-element elementor-element-23d0abe elementor-widget elementor-widget-image\" data-id=\"23d0abe\" data-element_type=\"widget\" data-e-type=\"widget\" data-widget_type=\"image.default\">\n\t\t\t\t<div class=\"elementor-widget-container\">\n\t\t\t\t\t\t\t\t\t\t\t\t\t\t\t<img decoding=\"async\" width=\"800\" height=\"800\" src=\"https:\/\/abela.shop\/rs\/wp-content\/uploads\/2025\/02\/Pastile-orange-800x800.jpg\" class=\"attachment-large size-large wp-image-236031\" alt=\"\" srcset=\"https:\/\/abela.shop\/rs\/wp-content\/uploads\/2025\/02\/Pastile-orange-800x800.jpg 800w, https:\/\/abela.shop\/rs\/wp-content\/uploads\/2025\/02\/Pastile-orange-430x430.jpg 430w, https:\/\/abela.shop\/rs\/wp-content\/uploads\/2025\/02\/Pastile-orange-150x150.jpg 150w, https:\/\/abela.shop\/rs\/wp-content\/uploads\/2025\/02\/Pastile-orange-700x700.jpg 700w, https:\/\/abela.shop\/rs\/wp-content\/uploads\/2025\/02\/Pastile-orange-300x300.jpg 300w, https:\/\/abela.shop\/rs\/wp-content\/uploads\/2025\/02\/Pastile-orange-768x768.jpg 768w, https:\/\/abela.shop\/rs\/wp-content\/uploads\/2025\/02\/Pastile-orange.jpg 1000w\" sizes=\"(max-width: 800px) 100vw, 800px\" title=\"\">\t\t\t\t\t\t\t\t\t\t\t\t\t\t\t<\/div>\n\t\t\t\t<\/div>\n\t\t\t\t<div class=\"elementor-element elementor-element-78c4c86 color-scheme-inherit text-left elementor-widget elementor-widget-text-editor\" data-id=\"78c4c86\" data-element_type=\"widget\" data-e-type=\"widget\" data-widget_type=\"text-editor.default\">\n\t\t\t\t<div class=\"elementor-widget-container\">\n\t\t\t\t\t\t\t\t\t<p><strong>Propomucil<sup>\u00ae<\/sup> pastile<\/strong> snagom dodatnog propolisa bogatog polifenolima i prirodnog N-acetilcisteina, cinka i vitamina C, sa ukusom pomorand\u017ee i \u0161umskog vo\u0107a deluju na bol, grebanje, promuklost, upale i iritacije grla, poma\u017eu kod gubitka glasa i obnavljaju sluzoko\u017eu usta!<\/p><p><strong>Upotreba:<\/strong> Odrasli i deca starija od 12 godina: 4-6 pastila u toku dana, otopiti u ustima. Deca od 3 do 12 godina: 2-3 pastile u toku dana, otopiti u ustima.<\/p>\t\t\t\t\t\t\t\t<\/div>\n\t\t\t\t<\/div>\n\t\t\t\t<\/div>\n\t\t\t\t\t<\/div>\n\t\t\t\t<\/div>\n\t\t<div class=\"wd-negative-gap elementor-element elementor-element-89970e8 e-flex e-con-boxed e-con e-parent\" data-id=\"89970e8\" data-element_type=\"container\" data-e-type=\"container\">\n\t\t\t\t\t<div class=\"e-con-inner\">\n\t\t<div class=\"elementor-element elementor-element-95abed9 e-con-full e-flex e-con e-child\" data-id=\"95abed9\" data-element_type=\"container\" data-e-type=\"container\">\n\t\t\t\t<div class=\"elementor-element elementor-element-5fca2a8 elementor-widget elementor-widget-image\" data-id=\"5fca2a8\" data-element_type=\"widget\" data-e-type=\"widget\" data-widget_type=\"image.default\">\n\t\t\t\t<div class=\"elementor-widget-container\">\n\t\t\t\t\t\t\t\t\t\t\t\t\t\t\t<img decoding=\"async\" width=\"800\" height=\"800\" src=\"https:\/\/abela.shop\/rs\/wp-content\/uploads\/2024\/11\/PropoMucil-PHYSIO-isotonic-800x800.jpg\" class=\"attachment-large size-large wp-image-234708\" alt=\"PropoMucil\u00ae PHYSIO isotonic, 30 ml\" srcset=\"https:\/\/abela.shop\/rs\/wp-content\/uploads\/2024\/11\/PropoMucil-PHYSIO-isotonic-800x800.jpg 800w, https:\/\/abela.shop\/rs\/wp-content\/uploads\/2024\/11\/PropoMucil-PHYSIO-isotonic-430x430.jpg 430w, https:\/\/abela.shop\/rs\/wp-content\/uploads\/2024\/11\/PropoMucil-PHYSIO-isotonic-150x150.jpg 150w, https:\/\/abela.shop\/rs\/wp-content\/uploads\/2024\/11\/PropoMucil-PHYSIO-isotonic-700x700.jpg 700w, https:\/\/abela.shop\/rs\/wp-content\/uploads\/2024\/11\/PropoMucil-PHYSIO-isotonic-300x300.jpg 300w, https:\/\/abela.shop\/rs\/wp-content\/uploads\/2024\/11\/PropoMucil-PHYSIO-isotonic-768x768.jpg 768w, https:\/\/abela.shop\/rs\/wp-content\/uploads\/2024\/11\/PropoMucil-PHYSIO-isotonic-80x80.jpg 80w, https:\/\/abela.shop\/rs\/wp-content\/uploads\/2024\/11\/PropoMucil-PHYSIO-isotonic-90x90.jpg 90w, https:\/\/abela.shop\/rs\/wp-content\/uploads\/2024\/11\/PropoMucil-PHYSIO-isotonic.jpg 1000w\" sizes=\"(max-width: 800px) 100vw, 800px\" title=\"\">\t\t\t\t\t\t\t\t\t\t\t\t\t\t\t<\/div>\n\t\t\t\t<\/div>\n\t\t\t\t<div class=\"elementor-element elementor-element-74671b7 color-scheme-inherit text-left elementor-widget elementor-widget-text-editor\" data-id=\"74671b7\" data-element_type=\"widget\" data-e-type=\"widget\" data-widget_type=\"text-editor.default\">\n\t\t\t\t<div class=\"elementor-widget-container\">\n\t\t\t\t\t\t\t\t\t<p><strong>PropoMucil<sup>\u00ae<\/sup> PHYSIO Isotonic sprej za nos: <\/strong>Prvi izbor za svakodnevnu toaletu nosa! Prirodni inovativni proizvod propolisa polifenolima i prirodnog N-acetilcisteina, uz dodatak etarskih ulja nane i eukaliptusa u fiziolo\u0161kom rastvoru isotonic \u010disti nos i olak\u0161ava disanje, olak\u0161ava pritisak u sinusima i nosu, pru\u017ea za\u0161titu od alergena i reguli\u0161e vla\u017enost nosne sluzoko\u017ee.<\/p><p><strong>Upotreba:<\/strong> Od 3. godine \u017eivota: Vi\u0161e puta u toku dana naprskati sprej u nozdrvu, po potrebi.\u00a0<\/p>\t\t\t\t\t\t\t\t<\/div>\n\t\t\t\t<\/div>\n\t\t\t\t<\/div>\n\t\t<div class=\"elementor-element elementor-element-fb00b5a e-con-full e-flex e-con e-child\" data-id=\"fb00b5a\" data-element_type=\"container\" data-e-type=\"container\">\n\t\t\t\t<div class=\"elementor-element elementor-element-1f02832 elementor-widget elementor-widget-image\" data-id=\"1f02832\" data-element_type=\"widget\" data-e-type=\"widget\" data-widget_type=\"image.default\">\n\t\t\t\t<div class=\"elementor-widget-container\">\n\t\t\t\t\t\t\t\t\t\t\t\t\t\t\t<img decoding=\"async\" width=\"800\" height=\"800\" src=\"https:\/\/abela.shop\/rs\/wp-content\/uploads\/2024\/11\/propomucil-600-800x800.png\" class=\"attachment-large size-large wp-image-237895\" alt=\"PropoMucil\u00ae 600, 5 kesica\" srcset=\"https:\/\/abela.shop\/rs\/wp-content\/uploads\/2024\/11\/propomucil-600-800x800.png 800w, https:\/\/abela.shop\/rs\/wp-content\/uploads\/2024\/11\/propomucil-600-430x430.png 430w, https:\/\/abela.shop\/rs\/wp-content\/uploads\/2024\/11\/propomucil-600-150x150.png 150w, https:\/\/abela.shop\/rs\/wp-content\/uploads\/2024\/11\/propomucil-600-700x700.png 700w, https:\/\/abela.shop\/rs\/wp-content\/uploads\/2024\/11\/propomucil-600-300x300.png 300w, https:\/\/abela.shop\/rs\/wp-content\/uploads\/2024\/11\/propomucil-600-768x768.png 768w, https:\/\/abela.shop\/rs\/wp-content\/uploads\/2024\/11\/propomucil-600-90x90.png 90w, https:\/\/abela.shop\/rs\/wp-content\/uploads\/2024\/11\/propomucil-600.png 1000w\" sizes=\"(max-width: 800px) 100vw, 800px\" title=\"\">\t\t\t\t\t\t\t\t\t\t\t\t\t\t\t<\/div>\n\t\t\t\t<\/div>\n\t\t\t\t<div class=\"elementor-element elementor-element-8b19ced color-scheme-inherit text-left elementor-widget elementor-widget-text-editor\" data-id=\"8b19ced\" data-element_type=\"widget\" data-e-type=\"widget\" data-widget_type=\"text-editor.default\">\n\t\t\t\t<div class=\"elementor-widget-container\">\n\t\t\t\t\t\t\t\t\t<p><strong>Propomucil<sup>\u00ae<\/sup> 600 kesice:<\/strong> Inovativan prirodan proizvod na bazi pre\u010di\u0161\u0107enog propolisa bogatog polifenolima i prirodnog N-acetilcisteina olak\u0161ava izbacivanje sekreta iz disajnih puteva, sna\u017ean antioksidans, smanjuje upalna stanja i poja\u010dava imuni odgovor organizma.<\/p><p><strong>Upotreba:<\/strong> Odrasli i deca starija od 14 godina: 1 puta dnevno po 1 kesicu pra\u0161ka rastvoriti u \u010da\u0161i vode.\u00a0<\/p>\t\t\t\t\t\t\t\t<\/div>\n\t\t\t\t<\/div>\n\t\t\t\t<\/div>\n\t\t<div class=\"elementor-element elementor-element-b2d92a4 e-con-full e-flex e-con e-child\" data-id=\"b2d92a4\" data-element_type=\"container\" data-e-type=\"container\">\n\t\t\t\t<div class=\"elementor-element elementor-element-bf3d6d0 elementor-widget elementor-widget-image\" data-id=\"bf3d6d0\" data-element_type=\"widget\" data-e-type=\"widget\" data-widget_type=\"image.default\">\n\t\t\t\t<div class=\"elementor-widget-container\">\n\t\t\t\t\t\t\t\t\t\t\t\t\t\t\t<img decoding=\"async\" width=\"800\" height=\"800\" src=\"https:\/\/abela.shop\/rs\/wp-content\/uploads\/2024\/11\/PropoMucil-sprej-za-alergije-800x800.jpg\" class=\"attachment-large size-large wp-image-234704\" alt=\"PropoMucil\u00ae SPREJ ZA NOS za alergije, 20 ml\" srcset=\"https:\/\/abela.shop\/rs\/wp-content\/uploads\/2024\/11\/PropoMucil-sprej-za-alergije-800x800.jpg 800w, https:\/\/abela.shop\/rs\/wp-content\/uploads\/2024\/11\/PropoMucil-sprej-za-alergije-430x430.jpg 430w, https:\/\/abela.shop\/rs\/wp-content\/uploads\/2024\/11\/PropoMucil-sprej-za-alergije-150x150.jpg 150w, https:\/\/abela.shop\/rs\/wp-content\/uploads\/2024\/11\/PropoMucil-sprej-za-alergije-700x700.jpg 700w, https:\/\/abela.shop\/rs\/wp-content\/uploads\/2024\/11\/PropoMucil-sprej-za-alergije-300x300.jpg 300w, https:\/\/abela.shop\/rs\/wp-content\/uploads\/2024\/11\/PropoMucil-sprej-za-alergije-768x768.jpg 768w, https:\/\/abela.shop\/rs\/wp-content\/uploads\/2024\/11\/PropoMucil-sprej-za-alergije-80x80.jpg 80w, https:\/\/abela.shop\/rs\/wp-content\/uploads\/2024\/11\/PropoMucil-sprej-za-alergije-90x90.jpg 90w, https:\/\/abela.shop\/rs\/wp-content\/uploads\/2024\/11\/PropoMucil-sprej-za-alergije.jpg 1000w\" sizes=\"(max-width: 800px) 100vw, 800px\" title=\"\">\t\t\t\t\t\t\t\t\t\t\t\t\t\t\t<\/div>\n\t\t\t\t<\/div>\n\t\t\t\t<div class=\"elementor-element elementor-element-c6b0339 color-scheme-inherit text-left elementor-widget elementor-widget-text-editor\" data-id=\"c6b0339\" data-element_type=\"widget\" data-e-type=\"widget\" data-widget_type=\"text-editor.default\">\n\t\t\t\t<div class=\"elementor-widget-container\">\n\t\t\t\t\t\t\t\t\t<p><strong>PropoMucil<sup>\u00ae<\/sup> sprej za alergije:<\/strong> Mo\u0107na kombinacija propolisa polifenolima i prirodnog N-acetilcisteina, uz kvercetin i etarska ulja timijana i eukaliptusa sa vitaminom D poma\u017ee u spre\u010davanju alergijske reakcije, spre\u010dava curenje i svrab nosa. Namenjen je svim osobama koje su podlo\u017ene alergenima (polen, grinja, \u017eivotinjska dlaka i dr.) iz vazduha.<\/p><p><strong>Upotreba:<\/strong> Odrasli i deca starija od 12 godina: prsnuti po 2 puta u svaku nozdrvu. Najvi\u0161e 6 puta u toku dana. Deca od 3 do 12 godina: prsnuti po 2 puta u svaku nozdrvu. Najvi\u0161e 4 puta u toku dana.<\/p>\t\t\t\t\t\t\t\t<\/div>\n\t\t\t\t<\/div>\n\t\t\t\t<\/div>\n\t\t\t\t\t<\/div>\n\t\t\t\t<\/div>\n\t\t<div class=\"wd-negative-gap elementor-element elementor-element-50f9918 e-flex e-con-boxed e-con e-parent\" data-id=\"50f9918\" data-element_type=\"container\" data-e-type=\"container\">\n\t\t\t\t\t<div class=\"e-con-inner\">\n\t\t<div class=\"elementor-element elementor-element-80c0e50 e-con-full e-flex e-con e-child\" data-id=\"80c0e50\" data-element_type=\"container\" data-e-type=\"container\">\n\t\t\t\t<div class=\"elementor-element elementor-element-0931b1b elementor-widget elementor-widget-image\" data-id=\"0931b1b\" data-element_type=\"widget\" data-e-type=\"widget\" data-widget_type=\"image.default\">\n\t\t\t\t<div class=\"elementor-widget-container\">\n\t\t\t\t\t\t\t\t\t\t\t\t\t\t\t<img decoding=\"async\" width=\"800\" height=\"800\" src=\"https:\/\/abela.shop\/rs\/wp-content\/uploads\/2024\/11\/PROPOMUCIL-ZA-PUSACE-800x800.jpg\" class=\"attachment-large size-large wp-image-234712\" alt=\"PropoMucil\u00ae za pu\u0161a\u010de, 250 ml\" srcset=\"https:\/\/abela.shop\/rs\/wp-content\/uploads\/2024\/11\/PROPOMUCIL-ZA-PUSACE-800x800.jpg 800w, https:\/\/abela.shop\/rs\/wp-content\/uploads\/2024\/11\/PROPOMUCIL-ZA-PUSACE-430x430.jpg 430w, https:\/\/abela.shop\/rs\/wp-content\/uploads\/2024\/11\/PROPOMUCIL-ZA-PUSACE-150x150.jpg 150w, https:\/\/abela.shop\/rs\/wp-content\/uploads\/2024\/11\/PROPOMUCIL-ZA-PUSACE-700x700.jpg 700w, https:\/\/abela.shop\/rs\/wp-content\/uploads\/2024\/11\/PROPOMUCIL-ZA-PUSACE-300x300.jpg 300w, https:\/\/abela.shop\/rs\/wp-content\/uploads\/2024\/11\/PROPOMUCIL-ZA-PUSACE-768x768.jpg 768w, https:\/\/abela.shop\/rs\/wp-content\/uploads\/2024\/11\/PROPOMUCIL-ZA-PUSACE-80x80.jpg 80w, https:\/\/abela.shop\/rs\/wp-content\/uploads\/2024\/11\/PROPOMUCIL-ZA-PUSACE-90x90.jpg 90w, https:\/\/abela.shop\/rs\/wp-content\/uploads\/2024\/11\/PROPOMUCIL-ZA-PUSACE.jpg 1000w\" sizes=\"(max-width: 800px) 100vw, 800px\" title=\"\">\t\t\t\t\t\t\t\t\t\t\t\t\t\t\t<\/div>\n\t\t\t\t<\/div>\n\t\t\t\t<div class=\"elementor-element elementor-element-78dd75e color-scheme-inherit text-left elementor-widget elementor-widget-text-editor\" data-id=\"78dd75e\" data-element_type=\"widget\" data-e-type=\"widget\" data-widget_type=\"text-editor.default\">\n\t\t\t\t<div class=\"elementor-widget-container\">\n\t\t\t\t\t\t\t\t\t<p><strong>Propomucil<sup>\u00ae<\/sup> za pu\u0161a\u010de:<\/strong> Ubla\u017eite na vreme posledice va\u0161e omiljene \u0161tetne navike uz prirodan preparat PropoMucil\u00ae za pu\u0161a\u010de! Sadr\u017ei kombinaciju propolisa bogatog polifenolima, prirodnog N-acetilcisteina, meda, belog sleza, jagor\u010devine i nane, koji poma\u017eu u eliminaciji sekreta, regeneraciji disajnog epitela i olak\u0161avaju disanje kod pu\u0161a\u010da. Naro\u010dito koristan za aktivne pu\u0161a\u010de i one koji poku\u0161avaju da prestanu sa pu\u0161enjem!<\/p><p><strong>Upotreba:<\/strong> Odrasli: 3 puta dnevno po 12ml rastvora, posle obroka. Grgoljiti u ustima i progutati.<\/p>\t\t\t\t\t\t\t\t<\/div>\n\t\t\t\t<\/div>\n\t\t\t\t<\/div>\n\t\t<div class=\"elementor-element elementor-element-70fe0ee e-con-full e-flex e-con e-child\" data-id=\"70fe0ee\" data-element_type=\"container\" data-e-type=\"container\">\n\t\t\t\t<\/div>\n\t\t<div class=\"elementor-element elementor-element-2582ed2 e-con-full e-flex e-con e-child\" data-id=\"2582ed2\" data-element_type=\"container\" data-e-type=\"container\">\n\t\t\t\t<\/div>\n\t\t\t\t\t<\/div>\n\t\t\t\t<\/div>\n\t\t\t\t<\/div>\n\t\t","protected":false},"excerpt":{"rendered":"<h3 class=\"woo-h3-naslov\"><strong>Propomucil<sup>\u00ae<\/sup> protiv gripa i prehlade<\/strong><\/h3>\n<p>Sastav paketa: Propomucil<sup>\u00ae<\/sup> sa medom za decu, Propomucil<sup>\u00ae<\/sup> Pretprehlada, Propomucil<sup>\u00ae<\/sup> pastile sa ukusim pomorand\u017ee i \u0161umskog vo\u0107a, Propomucil<sup>\u00ae<\/sup> Physio Isotonic sprej za nos, Propomucil<sup>\u00ae<\/sup> 600 kesice, Propomucil<sup>\u00ae<\/sup> za pu\u0161a\u010de, Propomucil<sup>\u00ae<\/sup> sprej za alergije.<\/p>\n","protected":false},"featured_media":257052,"comment_status":"open","ping_status":"closed","template":"","meta":{"_acf_changed":false},"product_brand":[],"product_cat":[127,101],"product_tag":[],"class_list":{"0":"post-237263","1":"product","2":"type-product","3":"status-publish","4":"has-post-thumbnail","6":"product_cat-imunitet","7":"product_cat-paketi","9":"first","10":"instock","11":"sale","12":"shipping-taxable","13":"purchasable","14":"product-type-woosb"},"acf":[],"jetpack_sharing_enabled":true,"_links":{"self":[{"href":"https:\/\/abela.shop\/rs\/wp-json\/wp\/v2\/product\/237263","targetHints":{"allow":["GET"]}}],"collection":[{"href":"https:\/\/abela.shop\/rs\/wp-json\/wp\/v2\/product"}],"about":[{"href":"https:\/\/abela.shop\/rs\/wp-json\/wp\/v2\/types\/product"}],"replies":[{"embeddable":true,"href":"https:\/\/abela.shop\/rs\/wp-json\/wp\/v2\/comments?post=237263"}],"version-history":[{"count":0,"href":"https:\/\/abela.shop\/rs\/wp-json\/wp\/v2\/product\/237263\/revisions"}],"wp:featuredmedia":[{"embeddable":true,"href":"https:\/\/abela.shop\/rs\/wp-json\/wp\/v2\/media\/257052"}],"wp:attachment":[{"href":"https:\/\/abela.shop\/rs\/wp-json\/wp\/v2\/media?parent=237263"}],"wp:term":[{"taxonomy":"product_brand","embeddable":true,"href":"https:\/\/abela.shop\/rs\/wp-json\/wp\/v2\/product_brand?post=237263"},{"taxonomy":"product_cat","embeddable":true,"href":"https:\/\/abela.shop\/rs\/wp-json\/wp\/v2\/product_cat?post=237263"},{"taxonomy":"product_tag","embeddable":true,"href":"https:\/\/abela.shop\/rs\/wp-json\/wp\/v2\/product_tag?post=237263"}],"curies":[{"name":"wp","href":"https:\/\/api.w.org\/{rel}","templated":true}]}}